{"id":3,"date":"2022-08-08T11:58:29","date_gmt":"2022-08-08T09:58:29","guid":{"rendered":"http:\/\/146.59.153.172\/web\/?page_id=3"},"modified":"2022-08-29T22:13:43","modified_gmt":"2022-08-29T20:13:43","slug":"politique-de-confidentialite-commune-pressignac-16150","status":"publish","type":"page","link":"https:\/\/www.pressignac.fr\/web\/index.php\/politique-de-confidentialite-commune-pressignac-16150\/","title":{"rendered":"Politique de confidentialit\u00e9"},"content":{"rendered":"\n<h2 class=\"wp-block-heading\">Qui sommes-nous&nbsp;?<\/h2>\n\n\n\n<p>L\u2019adresse de notre site est&nbsp;: https:\/\/www.pressignac.fr<\/p>\n\n\n\n<h2 class=\"wp-block-heading\">Commentaires<\/h2>\n\n\n\n<p>Quand vous laissez un commentaire sur notre site, les donn\u00e9es inscrites dans le formulaire de commentaire, ainsi que votre adresse IP et l\u2019agent utilisateur de votre navigateur sont collect\u00e9s pour nous aider \u00e0 la d\u00e9tection des commentaires ind\u00e9sirables.<\/p>\n\n\n\n<p>Une cha\u00eene anonymis\u00e9e cr\u00e9\u00e9e \u00e0 partir de votre adresse e-mail (\u00e9galement appel\u00e9e hash) peut \u00eatre envoy\u00e9e au service Gravatar pour v\u00e9rifier si vous utilisez ce dernier. Les clauses de confidentialit\u00e9 du service Gravatar sont disponibles ici&nbsp;: https:\/\/automattic.com\/privacy\/. Apr\u00e8s validation de votre commentaire, votre photo de profil sera visible publiquement \u00e0 cot\u00e9 de votre commentaire.<\/p>\n\n\n\n<h2 class=\"wp-block-heading\">M\u00e9dias<\/h2>\n\n\n\n<p>Si vous t\u00e9l\u00e9versez des images sur le site, nous vous conseillons d\u2019\u00e9viter de t\u00e9l\u00e9verser des images contenant des donn\u00e9es EXIF de coordonn\u00e9es GPS. Les personnes visitant votre site peuvent t\u00e9l\u00e9charger et extraire des donn\u00e9es de localisation depuis ces images.<\/p>\n\n\n\n<h2 class=\"wp-block-heading\">Cookies<\/h2>\n\n\n\n<p>Si vous d\u00e9posez un commentaire sur notre site, il vous sera propos\u00e9 d\u2019enregistrer votre nom, adresse e-mail et site dans des cookies. C\u2019est uniquement pour votre confort afin de ne pas avoir \u00e0 saisir ces informations si vous d\u00e9posez un autre commentaire plus tard. Ces cookies expirent au bout d\u2019un an.<\/p>\n\n\n\n<p>Si vous vous rendez sur la page de connexion, un cookie temporaire sera cr\u00e9\u00e9 afin de d\u00e9terminer si votre navigateur accepte les cookies. Il ne contient pas de donn\u00e9es personnelles et sera supprim\u00e9 automatiquement \u00e0 la fermeture de votre navigateur.<\/p>\n\n\n\n<p>Lorsque vous vous connecterez, nous mettrons en place un certain nombre de cookies pour enregistrer vos informations de connexion et vos pr\u00e9f\u00e9rences d\u2019\u00e9cran. La dur\u00e9e de vie d\u2019un cookie de connexion est de deux jours, celle d\u2019un cookie d\u2019option d\u2019\u00e9cran est d\u2019un an. Si vous cochez \u00ab&nbsp;Se souvenir de moi&nbsp;\u00bb, votre cookie de connexion sera conserv\u00e9 pendant deux semaines. Si vous vous d\u00e9connectez de votre compte, le cookie de connexion sera effac\u00e9.<\/p>\n\n\n\n<p>En modifiant ou en publiant une publication, un cookie suppl\u00e9mentaire sera enregistr\u00e9 dans votre navigateur. Ce cookie ne comprend aucune donn\u00e9e personnelle. Il indique simplement l\u2019ID de la publication que vous venez de modifier. Il expire au bout d\u2019un jour.<\/p>\n\n\n\n<h2 class=\"wp-block-heading\">Contenu embarqu\u00e9 depuis d\u2019autres sites<\/h2>\n\n\n\n<p>Les articles de ce site peuvent inclure des contenus int\u00e9gr\u00e9s (par exemple des vid\u00e9os, images, articles\u2026). Le contenu int\u00e9gr\u00e9 depuis d\u2019autres sites se comporte de la m\u00eame mani\u00e8re que si le visiteur se rendait sur cet autre site.<\/p>\n\n\n\n<p>Ces sites web pourraient collecter des donn\u00e9es sur vous, utiliser des cookies, embarquer des outils de suivis tiers, suivre vos interactions avec ces contenus embarqu\u00e9s si vous disposez d\u2019un compte connect\u00e9 sur leur site web.<\/p>\n\n\n\n<h2 class=\"wp-block-heading\">Utilisation et transmission de vos donn\u00e9es personnelles<\/h2>\n\n\n\n<p>Si vous demandez une r\u00e9initialisation de votre mot de passe, votre adresse IP sera incluse dans l\u2019e-mail de r\u00e9initialisation.<\/p>\n\n\n\n<h2 class=\"wp-block-heading\">Dur\u00e9es de stockage de vos donn\u00e9es<\/h2>\n\n\n\n<p>Si vous laissez un commentaire, le commentaire et ses m\u00e9tadonn\u00e9es sont conserv\u00e9s ind\u00e9finiment. Cela permet de reconna\u00eetre et approuver automatiquement les commentaires suivants au lieu de les laisser dans la file de mod\u00e9ration.<\/p>\n\n\n\n<p>Pour les comptes qui s\u2019inscrivent sur notre site (le cas \u00e9ch\u00e9ant), nous stockons \u00e9galement les donn\u00e9es personnelles indiqu\u00e9es dans leur profil. Tous les comptes peuvent voir, modifier ou supprimer leurs informations personnelles \u00e0 tout moment (\u00e0 l\u2019exception de leur identifiant). Les gestionnaires du site peuvent aussi voir et modifier ces informations.<\/p>\n\n\n\n<h2 class=\"wp-block-heading\">Les droits que vous avez sur vos donn\u00e9es<\/h2>\n\n\n\n<p>Si vous avez un compte ou si vous avez laiss\u00e9 des commentaires sur le site, vous pouvez demander \u00e0 recevoir un fichier contenant toutes les donn\u00e9es personnelles que nous poss\u00e9dons \u00e0 votre sujet, incluant celles que vous nous avez fournies. Vous pouvez \u00e9galement demander la suppression des donn\u00e9es personnelles vous concernant. Cela ne prend pas en compte les donn\u00e9es stock\u00e9es \u00e0 des fins administratives, l\u00e9gales ou pour des raisons de s\u00e9curit\u00e9.<\/p>\n\n\n\n<h2 class=\"wp-block-heading\">O\u00f9 vos donn\u00e9es sont envoy\u00e9es<\/h2>\n\n\n\n<p>Les commentaires des visiteurs peuvent \u00eatre v\u00e9rifi\u00e9s \u00e0 l\u2019aide d\u2019un service automatis\u00e9 de d\u00e9tection des commentaires ind\u00e9sirables.<\/p>\n\n\n\n<h2 class=\"wp-block-heading\">Mots cl\u00e9s<\/h2>\n\n\n\n<h1 class=\"wp-block-heading\">Commune de Pressignac 16150<\/h1>\n\n\n<div class=\"wp-block-image\">\n<figure class=\"alignleft is-resized\" id=\"block-929910de-1e68-4419-80ae-591cb9d1a1ad\"><img loading=\"lazy\" decoding=\"async\" src=\"https:\/\/www.pressignac.fr\/web\/wp-content\/uploads\/2022\/08\/logo-pressignac.png\" alt=\"Logo Pressignac commune 16150\" width=\"186\" height=\"185\"\/><\/figure><\/div>\n\n\n<p id=\"block-94631da0-0e37-400e-b4dd-5da76d908e7d\">Mairie 16150 Commune Pressignac Charente Limousine France officiel m\u00e9t\u00e9orite \u00e9tang chauffie lac lavaud observatoire plage actualit\u00e9s informations f\u00eate pain bois \u00e9questre lotissement agriculture p\u00e9che vaches moutons cigogne lavoirs mares ruisseaux rivi\u00e8res fleuve Chez Bandes, Bon\u00e9t\u00e8ve, Bors, le Bouchet, le Bournet, le Ch\u00e2teau Banal, la Chauffie, la Croix, les Fayolles, Fontceverane, Fougeras, la Gardette, les Gouttes, le Grand Bois, le Grand Chalais, la Guerlie, la Guierce, la Judie, Magni\u00e9ras, Mandat, Chez Mariaud, Chez Martin, la Martinie, le Mas du Baud, Chez le Mineur, Pers, le Petit Chalais, Puymis, Valette, Veilleraud, Vou\u00e9ras Moulin Paute CETEF Loire Bretagne Adour Garonne Nature Randonn\u00e9e pierre Lune Soleil bar salon th\u00e9 \u00e9glise distributeur poste magasin producteurs restaurant 16 algues roseli\u00e8res oiseaux odonates papillons miel abeilles frelons chats chiens chevaux poneys scierie commune de pressignac 16150 art infirmier infirmi\u00e8re ost\u00e9opathe borne \u00e9lectrique succise des pr\u00e9s Succisa pratensis Mors-du-Diable lande bruy\u00e8re cendr\u00e9e Erica cinerea callune ajoncs cutem<\/p>\n\n\n\n<p><a href=\"https:\/\/www.mare-nature.fr\/\">https:\/\/www.mare-nature.fr\/<\/a><\/p>\n\n\n\n<p><a href=\"https:\/\/www.pressignac.fr\/web\/index.php\/category\/demarches\/\">https:\/\/www.pressignac.fr\/web\/index.php\/category\/demarches\/<\/a><\/p>\n\n\n\n<p><a href=\"https:\/\/www.pressignac.fr\/web\/index.php\/category\/informations\/\">https:\/\/www.pressignac.fr\/web\/index.php\/category\/informations\/<\/a><\/p>\n\n\n\n<p><a href=\"https:\/\/www.pressignac.fr\/web\/index.php\/category\/evenements\/\">https:\/\/www.pressignac.fr\/web\/index.php\/category\/evenements\/<\/a><\/p>\n","protected":false},"excerpt":{"rendered":"<p>Qui sommes-nous&nbsp;? L\u2019adresse de notre site est&nbsp;: https:\/\/www.pressignac.fr Commentaires Quand vous laissez un commentaire sur notre site, les donn\u00e9es inscrites dans le formulaire de commentaire, ainsi que votre adresse IP et l\u2019agent utilisateur de votre navigateur sont collect\u00e9s pour nous aider \u00e0 la d\u00e9tection des commentaires ind\u00e9sirables. Une cha\u00eene anonymis\u00e9e [&hellip;]<\/p>\n","protected":false},"author":1,"featured_media":0,"parent":0,"menu_order":0,"comment_status":"closed","ping_status":"open","template":"","meta":{"footnotes":""},"class_list":["post-3","page","type-page","status-publish","hentry"],"yoast_head":"<!-- This site is optimized with the Yoast SEO plugin v25.6 - https:\/\/yoast.com\/wordpress\/plugins\/seo\/ -->\n<title>commune Pressignac 16150<\/title>\n<meta name=\"description\" content=\"Mairie 16150 Commune Pressignac Charente Limousine France officiel m\u00e9t\u00e9orite \u00e9tang chauffie lac lavaud plage actualit\u00e9s informations mares\" \/>\n<meta name=\"robots\" content=\"index, follow, max-snippet:-1, max-image-preview:large, max-video-preview:-1\" \/>\n<link rel=\"canonical\" href=\"https:\/\/www.pressignac.fr\/web\/index.php\/politique-de-confidentialite-commune-pressignac-16150\/\" \/>\n<meta property=\"og:locale\" content=\"fr_FR\" \/>\n<meta property=\"og:type\" content=\"article\" \/>\n<meta property=\"og:title\" content=\"commune Pressignac 16150\" \/>\n<meta property=\"og:description\" content=\"Mairie 16150 Commune Pressignac Charente Limousine France officiel m\u00e9t\u00e9orite \u00e9tang chauffie lac lavaud plage actualit\u00e9s informations mares\" \/>\n<meta property=\"og:url\" content=\"https:\/\/www.pressignac.fr\/web\/index.php\/politique-de-confidentialite-commune-pressignac-16150\/\" \/>\n<meta property=\"og:site_name\" content=\"Pressignac\" \/>\n<meta property=\"article:modified_time\" content=\"2022-08-29T20:13:43+00:00\" \/>\n<meta property=\"og:image\" content=\"https:\/\/www.pressignac.fr\/web\/wp-content\/uploads\/2022\/08\/logo-pressignac.png\" \/>\n<meta name=\"twitter:card\" content=\"summary_large_image\" \/>\n<meta name=\"twitter:label1\" content=\"Dur\u00e9e de lecture estim\u00e9e\" \/>\n\t<meta name=\"twitter:data1\" content=\"5 minutes\" \/>\n<script type=\"application\/ld+json\" class=\"yoast-schema-graph\">{\"@context\":\"https:\/\/schema.org\",\"@graph\":[{\"@type\":\"WebPage\",\"@id\":\"https:\/\/www.pressignac.fr\/web\/index.php\/politique-de-confidentialite-commune-pressignac-16150\/\",\"url\":\"https:\/\/www.pressignac.fr\/web\/index.php\/politique-de-confidentialite-commune-pressignac-16150\/\",\"name\":\"commune Pressignac 16150\",\"isPartOf\":{\"@id\":\"https:\/\/www.pressignac.fr\/web\/#website\"},\"primaryImageOfPage\":{\"@id\":\"https:\/\/www.pressignac.fr\/web\/index.php\/politique-de-confidentialite-commune-pressignac-16150\/#primaryimage\"},\"image\":{\"@id\":\"https:\/\/www.pressignac.fr\/web\/index.php\/politique-de-confidentialite-commune-pressignac-16150\/#primaryimage\"},\"thumbnailUrl\":\"https:\/\/www.pressignac.fr\/web\/wp-content\/uploads\/2022\/08\/logo-pressignac.png\",\"datePublished\":\"2022-08-08T09:58:29+00:00\",\"dateModified\":\"2022-08-29T20:13:43+00:00\",\"description\":\"Mairie 16150 Commune Pressignac Charente Limousine France officiel m\u00e9t\u00e9orite \u00e9tang chauffie lac lavaud plage actualit\u00e9s informations mares\",\"breadcrumb\":{\"@id\":\"https:\/\/www.pressignac.fr\/web\/index.php\/politique-de-confidentialite-commune-pressignac-16150\/#breadcrumb\"},\"inLanguage\":\"fr-FR\",\"potentialAction\":[{\"@type\":\"ReadAction\",\"target\":[\"https:\/\/www.pressignac.fr\/web\/index.php\/politique-de-confidentialite-commune-pressignac-16150\/\"]}]},{\"@type\":\"ImageObject\",\"inLanguage\":\"fr-FR\",\"@id\":\"https:\/\/www.pressignac.fr\/web\/index.php\/politique-de-confidentialite-commune-pressignac-16150\/#primaryimage\",\"url\":\"https:\/\/www.pressignac.fr\/web\/wp-content\/uploads\/2022\/08\/logo-pressignac.png\",\"contentUrl\":\"https:\/\/www.pressignac.fr\/web\/wp-content\/uploads\/2022\/08\/logo-pressignac.png\",\"width\":981,\"height\":982},{\"@type\":\"BreadcrumbList\",\"@id\":\"https:\/\/www.pressignac.fr\/web\/index.php\/politique-de-confidentialite-commune-pressignac-16150\/#breadcrumb\",\"itemListElement\":[{\"@type\":\"ListItem\",\"position\":1,\"name\":\"Accueil\",\"item\":\"https:\/\/www.pressignac.fr\/web\/\"},{\"@type\":\"ListItem\",\"position\":2,\"name\":\"Politique de confidentialit\u00e9\"}]},{\"@type\":\"WebSite\",\"@id\":\"https:\/\/www.pressignac.fr\/web\/#website\",\"url\":\"https:\/\/www.pressignac.fr\/web\/\",\"name\":\"Pressignac\",\"description\":\"Commune de Charente Limousine\",\"publisher\":{\"@id\":\"https:\/\/www.pressignac.fr\/web\/#organization\"},\"potentialAction\":[{\"@type\":\"SearchAction\",\"target\":{\"@type\":\"EntryPoint\",\"urlTemplate\":\"https:\/\/www.pressignac.fr\/web\/?s={search_term_string}\"},\"query-input\":{\"@type\":\"PropertyValueSpecification\",\"valueRequired\":true,\"valueName\":\"search_term_string\"}}],\"inLanguage\":\"fr-FR\"},{\"@type\":\"Organization\",\"@id\":\"https:\/\/www.pressignac.fr\/web\/#organization\",\"name\":\"Pressignac\",\"url\":\"https:\/\/www.pressignac.fr\/web\/\",\"logo\":{\"@type\":\"ImageObject\",\"inLanguage\":\"fr-FR\",\"@id\":\"https:\/\/www.pressignac.fr\/web\/#\/schema\/logo\/image\/\",\"url\":\"https:\/\/www.pressignac.fr\/web\/wp-content\/uploads\/2022\/08\/logo-pressignac.png\",\"contentUrl\":\"https:\/\/www.pressignac.fr\/web\/wp-content\/uploads\/2022\/08\/logo-pressignac.png\",\"width\":981,\"height\":982,\"caption\":\"Pressignac\"},\"image\":{\"@id\":\"https:\/\/www.pressignac.fr\/web\/#\/schema\/logo\/image\/\"}}]}<\/script>\n<!-- \/ Yoast SEO plugin. -->","yoast_head_json":{"title":"commune Pressignac 16150","description":"Mairie 16150 Commune Pressignac Charente Limousine France officiel m\u00e9t\u00e9orite \u00e9tang chauffie lac lavaud plage actualit\u00e9s informations mares","robots":{"index":"index","follow":"follow","max-snippet":"max-snippet:-1","max-image-preview":"max-image-preview:large","max-video-preview":"max-video-preview:-1"},"canonical":"https:\/\/www.pressignac.fr\/web\/index.php\/politique-de-confidentialite-commune-pressignac-16150\/","og_locale":"fr_FR","og_type":"article","og_title":"commune Pressignac 16150","og_description":"Mairie 16150 Commune Pressignac Charente Limousine France officiel m\u00e9t\u00e9orite \u00e9tang chauffie lac lavaud plage actualit\u00e9s informations mares","og_url":"https:\/\/www.pressignac.fr\/web\/index.php\/politique-de-confidentialite-commune-pressignac-16150\/","og_site_name":"Pressignac","article_modified_time":"2022-08-29T20:13:43+00:00","og_image":[{"url":"https:\/\/www.pressignac.fr\/web\/wp-content\/uploads\/2022\/08\/logo-pressignac.png","type":"","width":"","height":""}],"twitter_card":"summary_large_image","twitter_misc":{"Dur\u00e9e de lecture estim\u00e9e":"5 minutes"},"schema":{"@context":"https:\/\/schema.org","@graph":[{"@type":"WebPage","@id":"https:\/\/www.pressignac.fr\/web\/index.php\/politique-de-confidentialite-commune-pressignac-16150\/","url":"https:\/\/www.pressignac.fr\/web\/index.php\/politique-de-confidentialite-commune-pressignac-16150\/","name":"commune Pressignac 16150","isPartOf":{"@id":"https:\/\/www.pressignac.fr\/web\/#website"},"primaryImageOfPage":{"@id":"https:\/\/www.pressignac.fr\/web\/index.php\/politique-de-confidentialite-commune-pressignac-16150\/#primaryimage"},"image":{"@id":"https:\/\/www.pressignac.fr\/web\/index.php\/politique-de-confidentialite-commune-pressignac-16150\/#primaryimage"},"thumbnailUrl":"https:\/\/www.pressignac.fr\/web\/wp-content\/uploads\/2022\/08\/logo-pressignac.png","datePublished":"2022-08-08T09:58:29+00:00","dateModified":"2022-08-29T20:13:43+00:00","description":"Mairie 16150 Commune Pressignac Charente Limousine France officiel m\u00e9t\u00e9orite \u00e9tang chauffie lac lavaud plage actualit\u00e9s informations mares","breadcrumb":{"@id":"https:\/\/www.pressignac.fr\/web\/index.php\/politique-de-confidentialite-commune-pressignac-16150\/#breadcrumb"},"inLanguage":"fr-FR","potentialAction":[{"@type":"ReadAction","target":["https:\/\/www.pressignac.fr\/web\/index.php\/politique-de-confidentialite-commune-pressignac-16150\/"]}]},{"@type":"ImageObject","inLanguage":"fr-FR","@id":"https:\/\/www.pressignac.fr\/web\/index.php\/politique-de-confidentialite-commune-pressignac-16150\/#primaryimage","url":"https:\/\/www.pressignac.fr\/web\/wp-content\/uploads\/2022\/08\/logo-pressignac.png","contentUrl":"https:\/\/www.pressignac.fr\/web\/wp-content\/uploads\/2022\/08\/logo-pressignac.png","width":981,"height":982},{"@type":"BreadcrumbList","@id":"https:\/\/www.pressignac.fr\/web\/index.php\/politique-de-confidentialite-commune-pressignac-16150\/#breadcrumb","itemListElement":[{"@type":"ListItem","position":1,"name":"Accueil","item":"https:\/\/www.pressignac.fr\/web\/"},{"@type":"ListItem","position":2,"name":"Politique de confidentialit\u00e9"}]},{"@type":"WebSite","@id":"https:\/\/www.pressignac.fr\/web\/#website","url":"https:\/\/www.pressignac.fr\/web\/","name":"Pressignac","description":"Commune de Charente Limousine","publisher":{"@id":"https:\/\/www.pressignac.fr\/web\/#organization"},"potentialAction":[{"@type":"SearchAction","target":{"@type":"EntryPoint","urlTemplate":"https:\/\/www.pressignac.fr\/web\/?s={search_term_string}"},"query-input":{"@type":"PropertyValueSpecification","valueRequired":true,"valueName":"search_term_string"}}],"inLanguage":"fr-FR"},{"@type":"Organization","@id":"https:\/\/www.pressignac.fr\/web\/#organization","name":"Pressignac","url":"https:\/\/www.pressignac.fr\/web\/","logo":{"@type":"ImageObject","inLanguage":"fr-FR","@id":"https:\/\/www.pressignac.fr\/web\/#\/schema\/logo\/image\/","url":"https:\/\/www.pressignac.fr\/web\/wp-content\/uploads\/2022\/08\/logo-pressignac.png","contentUrl":"https:\/\/www.pressignac.fr\/web\/wp-content\/uploads\/2022\/08\/logo-pressignac.png","width":981,"height":982,"caption":"Pressignac"},"image":{"@id":"https:\/\/www.pressignac.fr\/web\/#\/schema\/logo\/image\/"}}]}},"_links":{"self":[{"href":"https:\/\/www.pressignac.fr\/web\/index.php\/wp-json\/wp\/v2\/pages\/3"}],"collection":[{"href":"https:\/\/www.pressignac.fr\/web\/index.php\/wp-json\/wp\/v2\/pages"}],"about":[{"href":"https:\/\/www.pressignac.fr\/web\/index.php\/wp-json\/wp\/v2\/types\/page"}],"author":[{"embeddable":true,"href":"https:\/\/www.pressignac.fr\/web\/index.php\/wp-json\/wp\/v2\/users\/1"}],"replies":[{"embeddable":true,"href":"https:\/\/www.pressignac.fr\/web\/index.php\/wp-json\/wp\/v2\/comments?post=3"}],"version-history":[{"count":7,"href":"https:\/\/www.pressignac.fr\/web\/index.php\/wp-json\/wp\/v2\/pages\/3\/revisions"}],"predecessor-version":[{"id":243,"href":"https:\/\/www.pressignac.fr\/web\/index.php\/wp-json\/wp\/v2\/pages\/3\/revisions\/243"}],"wp:attachment":[{"href":"https:\/\/www.pressignac.fr\/web\/index.php\/wp-json\/wp\/v2\/media?parent=3"}],"curies":[{"name":"wp","href":"https:\/\/api.w.org\/{rel}","templated":true}]}}